{"id":119,"date":"2023-02-01T14:07:46","date_gmt":"2023-02-01T14:07:46","guid":{"rendered":"https:\/\/bokorhaz.hu\/?page_id=119"},"modified":"2023-03-10T17:34:58","modified_gmt":"2023-03-10T17:34:58","slug":"gdpr","status":"publish","type":"page","link":"https:\/\/bokorhaz.hu\/de\/gdpr\/","title":{"rendered":"Privacy policy"},"content":{"rendered":"<p style=\"margin-bottom: 1rem; color: #252525; font-family: system-ui, -apple-system, 'Segoe UI', Roboto, 'Helvetica Neue', Arial, 'Noto Sans', 'Liberation Sans', sans-serif, 'Apple Color Emoji', 'Segoe UI Emoji', 'Segoe UI Symbol', 'Noto Color Emoji'; font-size: 16px;\">\u00c1ltal\u00e1nos adatv\u00e9delmi rendelet (GDPR)<\/p>\n<p style=\"margin-bottom: 1rem; color: #252525; font-family: system-ui, -apple-system, 'Segoe UI', Roboto, 'Helvetica Neue', Arial, 'Noto Sans', 'Liberation Sans', sans-serif, 'Apple Color Emoji', 'Segoe UI Emoji', 'Segoe UI Symbol', 'Noto Color Emoji'; font-size: 16px;\">Kedves Vend\u00e9geink!<\/p>\n<p style=\"margin-bottom: 1rem; color: #252525; font-family: system-ui, -apple-system, 'Segoe UI', Roboto, 'Helvetica Neue', Arial, 'Noto Sans', 'Liberation Sans', sans-serif, 'Apple Color Emoji', 'Segoe UI Emoji', 'Segoe UI Symbol', 'Noto Color Emoji'; font-size: 16px;\">A\u00a0<a style=\"color: #ed145b; transition-duration: 400ms, 400ms; transition-timing-function: ease, ease;\" href=\"http:\/\/www.bokorhaz.hu\/\">www.bokorhaz.hu<\/a>\u00a0oldalon egy \u0171rlap tal\u00e1lhat\u00f3, amin kereszt\u00fcl a Bokor vend\u00e9gh\u00e1zba \u00e9s a Levendula vend\u00e9gh\u00e1zba ny\u00edlik lehet\u0151s\u00e9g\u00fck sz\u00e1ll\u00e1st foglalni.<\/p>\n<p style=\"margin-bottom: 1rem; color: #252525; font-family: system-ui, -apple-system, 'Segoe UI', Roboto, 'Helvetica Neue', Arial, 'Noto Sans', 'Liberation Sans', sans-serif, 'Apple Color Emoji', 'Segoe UI Emoji', 'Segoe UI Symbol', 'Noto Color Emoji'; font-size: 16px;\">T\u00e1j\u00e9koztatom \u00d6n\u00f6ket, hogy a foglal\u00e1shoz a k\u00f6vetkez\u0151 szem\u00e9lyes adataiknak a megad\u00e1sa sz\u00fcks\u00e9ges, melyek sz\u00fcks\u00e9gesek a sz\u00e1ll\u00e1sad\u00f3 \u00e9s a vend\u00e9g k\u00f6z\u00f6tti sz\u00fcks\u00e9ges kapcsolattart\u00e1shoz \u00e9s az adatok kezel\u00e9s\u00e9hez a vend\u00e9gh\u00e1z vezet\u0151s\u00e9ge \u00e1ltal annak \u00e9rdek\u00e9ben, hogy a szerz\u0151d\u00e9ses jogviszonyb\u00f3l ered\u0151 l\u00e9nyeges k\u00f6r\u00fclm\u00e9nyekr\u0151l megfelel\u0151en t\u00e1j\u00e9koztatni tudjon, valamint a sz\u00e1mla ki\u00e1ll\u00edt\u00e1s\u00e1hoz (NAV k\u00f6tetezetts\u00e9g): sz\u00e1ml\u00e1zand\u00f3 szem\u00e9ly\/c\u00e9g neve, c\u00e9g eset\u00e9n az ad\u00f3sz\u00e1ma, lak\u00f3hely\/sz\u00e9khely c\u00edme, e-mail c\u00edme, telefonsz\u00e1m. Tov\u00e1bb\u00e1 az \u00e9rkez\u00e9skor minden vend\u00e9gnek (0 \u00e9ves kort\u00f3l !) \u00e1t kell adni a szem\u00e9lyi igazolv\u00e1ny\u00e1t, vagy \u00fatlevel\u00e9t, vagy forgalmi enged\u00e9ly\u00e9t a sz\u00e1ll\u00e1sad\u00f3nak elektronikus okm\u00e1nyolvas\u00e1shoz, ami a turisztikai adatszolg\u00e1ltat\u00e1s \u00e9s a rend\u0151rs\u00e9g z\u00e1rt rendszer\u00e9ben lesz t\u00e1rolva (NTAK k\u00f6telezetts\u00e9g). Ut\u00f3bbi elj\u00e1r\u00e1sr\u00f3l itt olvashat:\u00a0<a style=\"color: #ed145b; transition-duration: 400ms, 400ms; transition-timing-function: ease, ease;\" href=\"https:\/\/vizainfo.hu\/szallashelyek\">https:\/\/vizainfo.hu\/szallashelyek<\/a>. A honlapon kereszt\u00fcl t\u00f6rt\u00e9n\u0151 online foglal\u00e1ssal, mint felhaszn\u00e1l\u00f3, elfogadja jelen adatv\u00e9delmi t\u00e1j\u00e9koztat\u00f3 rendelkez\u00e9seit.<\/p>\n<p style=\"margin-bottom: 1rem; color: #252525; font-family: system-ui, -apple-system, 'Segoe UI', Roboto, 'Helvetica Neue', Arial, 'Noto Sans', 'Liberation Sans', sans-serif, 'Apple Color Emoji', 'Segoe UI Emoji', 'Segoe UI Symbol', 'Noto Color Emoji'; font-size: 16px;\">Az adatok kezel\u00e9s\u00e9vel \u00f6sszef\u00fcgg\u00e9sben az adatkezel\u0151 ez\u00faton t\u00e1j\u00e9koztatja \u00d6n\u00f6ket a honlapon \u00e1ltala kezelt szem\u00e9lyes adatokr\u00f3l, a szem\u00e9lyes adatok kezel\u00e9se k\u00f6r\u00e9ben k\u00f6vetett elveir\u0151l \u00e9s gyakorlat\u00e1r\u00f3l, a szem\u00e9lyes adatok v\u00e9delme \u00e9rdek\u00e9ben tett szervez\u00e9si \u00e9s technikai int\u00e9zked\u00e9seir\u0151l, valamint az \u00e9rintettek jogai gyakorl\u00e1s\u00e1nak m\u00f3dj\u00e1r\u00f3l \u00e9s lehet\u0151s\u00e9geir\u0151l. T\u00e1j\u00e9koztatom, hogy a r\u00f6gz\u00edtett szem\u00e9lyes adatokat bizalmasan, az adatv\u00e9delmi jogszab\u00e1lyokkal \u00e9s nemzetk\u00f6zi aj\u00e1nl\u00e1sokkal \u00f6sszhangban, a jelen nyilatkozatnak megfelel\u0151en kezeli.<\/p>\n<p style=\"margin-bottom: 1rem; color: #252525; font-family: system-ui, -apple-system, 'Segoe UI', Roboto, 'Helvetica Neue', Arial, 'Noto Sans', 'Liberation Sans', sans-serif, 'Apple Color Emoji', 'Segoe UI Emoji', 'Segoe UI Symbol', 'Noto Color Emoji'; font-size: 16px;\">T\u00e1j\u00e9koztatom tov\u00e1bb\u00e1, hogy a szem\u00e9lyes adatok kezel\u00e9s\u00e9nek jogi szab\u00e1lyoz\u00e1sa alapvet\u0151en v\u00e1ltozott 2018. m\u00e1jus 25. napj\u00e1t\u00f3l, ugyanis ezen id\u0151pontt\u00f3l kezdve k\u00f6telez\u0151en alkalmazand\u00f3 az Eur\u00f3pai Parlament \u00e9s a Tan\u00e1cs (EU) term\u00e9szetes szem\u00e9lyeknek a szem\u00e9lyes adatok kezel\u00e9se tekintet\u00e9ben t\u00f6rt\u00e9n\u0151 v\u00e9delm\u00e9r\u0151l \u00e9s az ilyen adatok szabad \u00e1raml\u00e1s\u00e1r\u00f3l, valamint a 95\/46\/EK rendelet hat\u00e1lyon k\u00edv\u00fcl helyez\u00e9s\u00e9r\u0151l (\u00e1ltal\u00e1nos adatv\u00e9delmi rendelet) sz\u00f3l\u00f3 2016\/679. rendelete (a tov\u00e1bbiakban: GDPR).<\/p>\n<p style=\"margin-bottom: 1rem; color: #252525; font-family: system-ui, -apple-system, 'Segoe UI', Roboto, 'Helvetica Neue', Arial, 'Noto Sans', 'Liberation Sans', sans-serif, 'Apple Color Emoji', 'Segoe UI Emoji', 'Segoe UI Symbol', 'Noto Color Emoji'; font-size: 16px;\">A honlapon kereszt\u00fcl t\u00f6rt\u00e9n\u0151 online foglal\u00e1ssal, mint felhaszn\u00e1l\u00f3 elfogadja jelen adatv\u00e9delmi t\u00e1j\u00e9koztat\u00f3 (a tov\u00e1bbiakban: Adatv\u00e9delmi T\u00e1j\u00e9koztat\u00f3) rendelkez\u00e9seit.<\/p>\n<ol style=\"padding-left: 2rem; margin-bottom: 1rem; color: #252525; font-family: system-ui, -apple-system, 'Segoe UI', Roboto, 'Helvetica Neue', Arial, 'Noto Sans', 'Liberation Sans', sans-serif, 'Apple Color Emoji', 'Segoe UI Emoji', 'Segoe UI Symbol', 'Noto Color Emoji'; font-size: 16px;\">\n<li>Alapfogalmak<\/li>\n<\/ol>\n<ul style=\"padding-left: 2rem; margin-bottom: 1rem; color: #252525; font-family: system-ui, -apple-system, 'Segoe UI', Roboto, 'Helvetica Neue', Arial, 'Noto Sans', 'Liberation Sans', sans-serif, 'Apple Color Emoji', 'Segoe UI Emoji', 'Segoe UI Symbol', 'Noto Color Emoji'; font-size: 16px;\">\n<li>szem\u00e9lyes adat: az azonos\u00edtott vagy azonos\u00edthat\u00f3 term\u00e9szetes szem\u00e9lyre (\u00e9rintettre) vonatkoz\u00f3, vele kapcsolatba hozhat\u00f3 inform\u00e1ci\u00f3 &#8211; k\u00fcl\u00f6n\u00f6sen az \u00e9rintett neve, azonos\u00edt\u00f3 jele, valamint egy vagy t\u00f6bb fizikai, fiziol\u00f3giai, ment\u00e1lis, gazdas\u00e1gi, kultur\u00e1lis vagy szoci\u00e1lis azonoss\u00e1g\u00e1ra jellemz\u0151 ismeret -, valamint az adatb\u00f3l levonhat\u00f3, az \u00e9rintettre vonatkoz\u00f3 k\u00f6vetkeztet\u00e9s.<\/li>\n<li>adat\u00e1llom\u00e1ny: az egy nyilv\u00e1ntart\u00e1sban kezelt adatok \u00f6sszess\u00e9ge;<\/li>\n<li>\u00e9rintett: b\u00e1rmely inform\u00e1ci\u00f3 alapj\u00e1n azonos\u00edtott vagy &#8211; k\u00f6zvetlen\u00fcl vagy k\u00f6zvetve &#8211; azonos\u00edthat\u00f3 term\u00e9szetes szem\u00e9ly;<\/li>\n<li>adatfeldolgoz\u00e1s: az adatkezel\u00e9si m\u0171veletekhez kapcsol\u00f3d\u00f3 technikai feladatok elv\u00e9gz\u00e9se, f\u00fcggetlen\u00fcl a m\u0171veletek v\u00e9grehajt\u00e1s\u00e1hoz alkalmazott m\u00f3dszert\u0151l \u00e9s eszk\u00f6zt\u0151l, valamint az alkalmaz\u00e1s hely\u00e9t\u0151l, felt\u00e9ve hogy a technikai feladatot az adaton v\u00e9gzik;<\/li>\n<li>harmadik szem\u00e9ly: olyan term\u00e9szetes vagy jogi szem\u00e9ly, illetve jogi szem\u00e9lyis\u00e9ggel nem rendelkez\u0151 szervezet, aki vagy amely nem azonos az \u00e9rintettel, az adatkezel\u0151vel vagy az adatfeldolgoz\u00f3val;<\/li>\n<li>adatv\u00e9delem: az \u00f6sszegy\u0171jt\u00f6tt adatvagyon s\u00e9rthetetlens\u00e9g\u00e9t, integrit\u00e1s\u00e1t, haszn\u00e1lhat\u00f3s\u00e1g\u00e1t \u00e9s bizalmass\u00e1g\u00e1t lehet\u0151v\u00e9 tev\u0151 technol\u00f3gi\u00e1k \u00e9s szervez\u00e9si m\u00f3dszerek \u00f6sszess\u00e9ge;<\/li>\n<li>adatv\u00e9delmi incidens: az adatbiztons\u00e1g olyan s\u00e9r\u00fcl\u00e9se, amely a tov\u00e1bb\u00edtott, t\u00e1rolt vagy m\u00e1s m\u00f3don kezelt szem\u00e9lyes adatok v\u00e9letlen vagy jogellenes megsemmis\u00edt\u00e9s\u00e9t, elveszt\u00e9s\u00e9t, megv\u00e1ltoztat\u00e1s\u00e1t, jogosulatlan k\u00f6zl\u00e9s\u00e9t vagy az azokhoz val\u00f3 jogosulatlan hozz\u00e1f\u00e9r\u00e9st eredm\u00e9nyezi;<\/li>\n<li>adatkezel\u00e9s: az alkalmazott elj\u00e1r\u00e1st\u00f3l f\u00fcggetlen\u00fcl az adatokon v\u00e9gzett b\u00e1rmely m\u0171velet vagy a m\u0171veletek \u00f6sszess\u00e9ge, \u00edgy k\u00fcl\u00f6n\u00f6sen gy\u0171jt\u00e9se, felv\u00e9tele, r\u00f6gz\u00edt\u00e9se, rendszerez\u00e9se, tagol\u00e1sa, t\u00e1rol\u00e1sa, \u00e1talak\u00edt\u00e1sa vagy megv\u00e1ltoztat\u00e1sa, felhaszn\u00e1l\u00e1sa, lek\u00e9rdez\u00e9se, k\u00f6zl\u00e9se, tov\u00e1bb\u00edt\u00e1sa, terjeszt\u00e9se, vagy egy\u00e9b m\u00f3don t\u00f6rt\u00e9n\u0151 nyilv\u00e1noss\u00e1gra hozatala, illetve hozz\u00e1f\u00e9rhet\u0151v\u00e9 t\u00e9tele, \u00f6sszehangol\u00e1sa vagy \u00f6sszekapcsol\u00e1sa, korl\u00e1toz\u00e1sa, t\u00f6rl\u00e9se \u00e9s megsemmis\u00edt\u00e9se, valamint az adatok tov\u00e1bbi felhaszn\u00e1l\u00e1s\u00e1nak megakad\u00e1lyoz\u00e1sa, f\u00e9nyk\u00e9p-, hang- vagy k\u00e9pfelv\u00e9tel k\u00e9sz\u00edt\u00e9se, valamint a szem\u00e9ly azonos\u00edt\u00e1s\u00e1ra alkalmas fizikai jellemz\u0151k (pl. ujj- vagy teny\u00e9rnyomat, DNS-minta, \u00edriszk\u00e9p) r\u00f6gz\u00edt\u00e9se.<\/li>\n<li>adatkezel\u0151: az a term\u00e9szetes vagy jogi szem\u00e9ly, illetve jogi szem\u00e9lyis\u00e9ggel nem rendelkez\u0151 szervezet, aki vagy amely \u00f6n\u00e1ll\u00f3an vagy m\u00e1sokkal egy\u00fctt az adatok kezel\u00e9s\u00e9nek c\u00e9lj\u00e1t meghat\u00e1rozza, az adatkezel\u00e9sre (bele\u00e9rtve a felhaszn\u00e1lt eszk\u00f6zt) vonatkoz\u00f3 d\u00f6nt\u00e9seket meghozza \u00e9s v\u00e9grehajtja, vagy az adatfeldolgoz\u00f3val v\u00e9grehajtatja.<\/li>\n<li>adattov\u00e1bb\u00edt\u00e1s: az adat meghat\u00e1rozott harmadik szem\u00e9ly sz\u00e1m\u00e1ra t\u00f6rt\u00e9n\u0151 hozz\u00e1f\u00e9rhet\u0151v\u00e9 t\u00e9tele.<\/li>\n<li>adatt\u00f6rl\u00e9s: az adatok felismerhetetlenn\u00e9 t\u00e9tele oly m\u00f3don, hogy a helyre\u00e1ll\u00edt\u00e1suk t\u00f6bb\u00e9 nem lehets\u00e9ges.<\/li>\n<li>adatkezel\u00e9s korl\u00e1toz\u00e1sa: a t\u00e1rolt szem\u00e9lyes adatok megjel\u00f6l\u00e9se j\u00f6v\u0151beli kezel\u00e9s\u00fck korl\u00e1toz\u00e1sa c\u00e9lj\u00e1b\u00f3l;<\/li>\n<li>hozz\u00e1j\u00e1rul\u00e1s: az \u00e9rintett akarat\u00e1nak \u00f6nk\u00e9ntes, hat\u00e1rozott \u00e9s egy\u00e9rtelm\u0171 kinyilv\u00e1n\u00edt\u00e1sa, amely konkr\u00e9t \u00e9s megfelel\u0151 t\u00e1j\u00e9koztat\u00e1son alapul, \u00e9s amellyel az \u00e9rintett nyilatkozat, vagy a meger\u0151s\u00edt\u00e9st f\u00e9lre\u00e9rthetetlen\u00fcl kifejez\u0151 cselekedet \u00fatj\u00e1n beleegyez\u00e9s\u00e9t adja a r\u00e1 vonatkoz\u00f3 szem\u00e9lyes adatok \u2013 teljes k\u00f6r\u0171 vagy egyes m\u0171veletekre kiterjed\u0151 \u2013 kezel\u00e9s\u00e9hez.<\/li>\n<\/ul>\n<p style=\"margin-bottom: 1rem; color: #252525; font-family: system-ui, -apple-system, 'Segoe UI', Roboto, 'Helvetica Neue', Arial, 'Noto Sans', 'Liberation Sans', sans-serif, 'Apple Color Emoji', 'Segoe UI Emoji', 'Segoe UI Symbol', 'Noto Color Emoji'; font-size: 16px;\">Hozz\u00e1j\u00e1rul\u00e1snak min\u0151s\u00fcl, ha az \u00e9rintett az internetes honlap megtekint\u00e9se, illetve a foglal\u00e1s v\u00e9gleges\u00edt\u00e9se sor\u00e1n a kapcsolati \u00fcrlapon kereszt\u00fcl elk\u00fcldi a foglalast a vend\u00e9ghaz e-mailcim\u00e9re, valamint b\u00e1rmely egy\u00e9b olyan nyilatkozat vagy cselekedet, amely az adott \u00f6sszef\u00fcgg\u00e9sben az \u00e9rintett szem\u00e9lyes adatainak tervezett kezel\u00e9s\u00e9hez val\u00f3 hozz\u00e1j\u00e1rul\u00e1s\u00e1t egy\u00e9rtelm\u0171en jelzi.<\/p>\n<ul style=\"padding-left: 2rem; margin-bottom: 1rem; color: #252525; font-family: system-ui, -apple-system, 'Segoe UI', Roboto, 'Helvetica Neue', Arial, 'Noto Sans', 'Liberation Sans', sans-serif, 'Apple Color Emoji', 'Segoe UI Emoji', 'Segoe UI Symbol', 'Noto Color Emoji'; font-size: 16px;\">\n<li>k\u00f6telez\u0151 adatkezel\u00e9s: amennyiben az adatkezel\u00e9st t\u00f6rv\u00e9ny vagy \u2013 t\u00f6rv\u00e9ny felhatalmaz\u00e1sa alapj\u00e1n, az abban meghat\u00e1rozott k\u00f6rben \u2013 helyi \u00f6nkorm\u00e1nyzat rendelete k\u00f6z\u00e9rdeken alapul\u00f3 c\u00e9lb\u00f3l elrendeli.<\/li>\n<li>nyilv\u00e1noss\u00e1gra hozatal: az adat b\u00e1rki sz\u00e1m\u00e1ra t\u00f6rt\u00e9n\u0151 hozz\u00e1f\u00e9rhet\u0151v\u00e9 t\u00e9tele.<\/li>\n<li>profilalkot\u00e1s: szem\u00e9lyes adatok automatiz\u00e1lt kezel\u00e9s\u00e9nek b\u00e1rmely olyan form\u00e1ja, amelynek sor\u00e1n a szem\u00e9lyes adatokat valamely term\u00e9szetes szem\u00e9lyhez f\u0171z\u0151d\u0151 bizonyos szem\u00e9lyes jellemz\u0151k \u00e9rt\u00e9kel\u00e9s\u00e9re, k\u00fcl\u00f6n\u00f6sen a munkahelyi teljes\u00edtm\u00e9nyhez, gazdas\u00e1gi helyzethez, eg\u00e9szs\u00e9gi \u00e1llapothoz, szem\u00e9lyes preferenci\u00e1khoz, \u00e9rdekl\u0151d\u00e9shez, megb\u00edzhat\u00f3s\u00e1ghoz, viselked\u00e9shez, tart\u00f3zkod\u00e1si helyhez vagy mozg\u00e1shoz kapcsol\u00f3d\u00f3 jellemz\u0151k elemz\u00e9s\u00e9re vagy el\u0151rejelz\u00e9s\u00e9re haszn\u00e1lj\u00e1k.<\/li>\n<\/ul>\n<ol style=\"padding-left: 2rem; margin-bottom: 1rem; color: #252525; font-family: system-ui, -apple-system, 'Segoe UI', Roboto, 'Helvetica Neue', Arial, 'Noto Sans', 'Liberation Sans', sans-serif, 'Apple Color Emoji', 'Segoe UI Emoji', 'Segoe UI Symbol', 'Noto Color Emoji'; font-size: 16px;\">\n<li>Adatkezel\u0151 megnevez\u00e9se, el\u00e9rhet\u0151s\u00e9gei<\/li>\n<\/ol>\n<ul style=\"padding-left: 2rem; margin-bottom: 1rem; color: #252525; font-family: system-ui, -apple-system, 'Segoe UI', Roboto, 'Helvetica Neue', Arial, 'Noto Sans', 'Liberation Sans', sans-serif, 'Apple Color Emoji', 'Segoe UI Emoji', 'Segoe UI Symbol', 'Noto Color Emoji'; font-size: 16px;\">\n<li>Adatkezel\u0151 neve: Kissn\u00e9 R\u00f3zsav\u00f6lgyi T\u00edmea Cec\u00edlia, ad\u00f3sz\u00e1mmal rendelkez\u0151 mag\u00e1nszem\u00e9ly<\/li>\n<li>Adatkezel\u0151 el\u00e9rhet\u0151s\u00e9ge &#8211; C\u00edm: 6600, Szentes, Csongr\u00e1di \u00fat 15.<\/li>\n<li>Adatkezel\u0151 el\u00e9rhet\u0151s\u00e9ge &#8211; Telefonsz\u00e1m: +36703843415<\/li>\n<li>Adatkezel\u0151 el\u00e9rhet\u0151s\u00e9ge &#8211; E-mail c\u00edm: a spamok elker\u00fcl\u00e9se miatt sz\u00fcks\u00e9g eset\u00e9n k\u00e9rem sz\u00edveskedjen k\u00e9rni a fenti telefonsz\u00e1mon !<\/li>\n<\/ul>\n<p style=\"margin-bottom: 1rem; color: #252525; font-family: system-ui, -apple-system, 'Segoe UI', Roboto, 'Helvetica Neue', Arial, 'Noto Sans', 'Liberation Sans', sans-serif, 'Apple Color Emoji', 'Segoe UI Emoji', 'Segoe UI Symbol', 'Noto Color Emoji'; font-size: 16px;\">III. Adatkezel\u00e9s c\u00e9lja<\/p>\n<ul style=\"padding-left: 2rem; margin-bottom: 1rem; color: #252525; font-family: system-ui, -apple-system, 'Segoe UI', Roboto, 'Helvetica Neue', Arial, 'Noto Sans', 'Liberation Sans', sans-serif, 'Apple Color Emoji', 'Segoe UI Emoji', 'Segoe UI Symbol', 'Noto Color Emoji'; font-size: 16px;\">\n<li>A sz\u00fcks\u00e9ges kapcsolattart\u00e1s c\u00e9lj\u00e1b\u00f3l sz\u00fcks\u00e9ges az adatait megadni a vend\u00e9gh\u00e1z vezet\u0151s\u00e9g\u00e9nek annak \u00e9rdek\u00e9ben, hogy a szerz\u0151d\u00e9ses jogviszonyb\u00f3l ered\u0151 l\u00e9nyeges k\u00f6r\u00fclm\u00e9nyekr\u0151l megfelel\u0151en t\u00e1j\u00e9koztatni tudja.<\/li>\n<li>Sz\u00fcks\u00e9g van tov\u00e1bb\u00e1 szem\u00e9lyes adataira a sz\u00e1ll\u00e1sad\u00e1si szolg\u00e1ltat\u00e1sr\u00f3l t\u00f6rt\u00e9n\u0151 sz\u00e1mla ki\u00e1ll\u00edt\u00e1s\u00e1hoz.<\/li>\n<li>Kissn\u00e9 R\u00f3zsav\u00f6lgyi T\u00edmea Cec\u00edlia ad\u00f3sz\u00e1mmal rendelkez\u0151 mag\u00e1nszem\u00e9ly egy\u00e9b sz\u00e1ll\u00e1shely besorol\u00e1s\u00fa Bokor vend\u00e9gh\u00e1z\u00e1nak \u00e9s Levendula vend\u00e9gh\u00e1z\u00e1nak jogi k\u00f6telezetts\u00e9gei vannak, melyek teljes\u00edt\u00e9s\u00e9hez is sz\u00fcks\u00e9gesek a szem\u00e9lyes adatok (NAV, Szentes \u00d6nkorm\u00e1nyzata, NTAK fel\u00e9).<\/li>\n<\/ul>\n<ol style=\"padding-left: 2rem; margin-bottom: 1rem; color: #252525; font-family: system-ui, -apple-system, 'Segoe UI', Roboto, 'Helvetica Neue', Arial, 'Noto Sans', 'Liberation Sans', sans-serif, 'Apple Color Emoji', 'Segoe UI Emoji', 'Segoe UI Symbol', 'Noto Color Emoji'; font-size: 16px;\">\n<li>Adatkezel\u00e9s jogalapja<\/li>\n<\/ol>\n<ul style=\"padding-left: 2rem; margin-bottom: 1rem; color: #252525; font-family: system-ui, -apple-system, 'Segoe UI', Roboto, 'Helvetica Neue', Arial, 'Noto Sans', 'Liberation Sans', sans-serif, 'Apple Color Emoji', 'Segoe UI Emoji', 'Segoe UI Symbol', 'Noto Color Emoji'; font-size: 16px;\">\n<li>A III. pont els\u0151 bekezd\u00e9s\u00e9ben foglalt c\u00e9l eset\u00e9ben a GDPR 6. cikk (1) bekezd\u00e9s a) pontja alapj\u00e1n t\u00f6rt\u00e9nik az adatok kezel\u00e9se, annak \u00e9rdek\u00e9ben, hogy a szerz\u0151d\u00e9ses jogviszonyb\u00f3l ered\u0151 l\u00e9nyeges k\u00f6r\u00fclm\u00e9nyekr\u0151l megfelel\u0151en t\u00e1j\u00e9koztatni tudjuk.<\/li>\n<li>A III. pont m\u00e1sodik bekezd\u00e9s\u00e9ben foglalt c\u00e9l eset\u00e9ben a GDPR 6. cikk (1) bekezd\u00e9s b) pontja, vagyis olyan szerz\u0151d\u00e9s teljes\u00edt\u00e9se, amelyben a Vend\u00e9g, mint \u00e9rintett az egyik f\u00e9l.<\/li>\n<li>A III. pont harmadik bekezd\u00e9s\u00e9ben foglalt c\u00e9l eset\u00e9ben a GDPR 6. cikk (1) bekezd\u00e9s c) pontja, vagyis az adatkezel\u0151re vonatkoz\u00f3 jogi k\u00f6telezetts\u00e9g teljes\u00edt\u00e9se, m\u00e9gpedig az adatkezel\u0151re h\u00e1rul\u00f3 bizonylat, sz\u00e1mla k\u00e9sz\u00edt\u00e9si k\u00f6telezetts\u00e9g.<\/li>\n<\/ul>\n<p style=\"margin-bottom: 1rem; color: #252525; font-family: system-ui, -apple-system, 'Segoe UI', Roboto, 'Helvetica Neue', Arial, 'Noto Sans', 'Liberation Sans', sans-serif, 'Apple Color Emoji', 'Segoe UI Emoji', 'Segoe UI Symbol', 'Noto Color Emoji'; font-size: 16px;\">A fentieken fel\u00fcli egy\u00e9b c\u00e9lb\u00f3l, illetve egy\u00e9b jogalapon t\u00f6rt\u00e9n\u0151 adatkezel\u00e9s sz\u00fcks\u00e9gess\u00e9g\u00e9nek felmer\u00fcl\u00e9se eset\u00e9n adatkezel\u0151 egyedileg, az adatkezel\u00e9s megkezd\u00e9s\u00e9t megel\u0151z\u0151en t\u00e1j\u00e9koztatni k\u00f6teles az \u00e9rintettet a v\u00e9gezni k\u00edv\u00e1nt adatkezel\u00e9ssel kapcsolatos minden fontos inform\u00e1ci\u00f3r\u00f3l \u00e9s az azzal kapcsolatos jogaikr\u00f3l.<\/p>\n<ol style=\"padding-left: 2rem; margin-bottom: 1rem; color: #252525; font-family: system-ui, -apple-system, 'Segoe UI', Roboto, 'Helvetica Neue', Arial, 'Noto Sans', 'Liberation Sans', sans-serif, 'Apple Color Emoji', 'Segoe UI Emoji', 'Segoe UI Symbol', 'Noto Color Emoji'; font-size: 16px;\">\n<li>Kezelt adatok k\u00f6re<\/li>\n<\/ol>\n<p style=\"margin-bottom: 1rem; color: #252525; font-family: system-ui, -apple-system, 'Segoe UI', Roboto, 'Helvetica Neue', Arial, 'Noto Sans', 'Liberation Sans', sans-serif, 'Apple Color Emoji', 'Segoe UI Emoji', 'Segoe UI Symbol', 'Noto Color Emoji'; font-size: 16px;\">A foglal\u00e1shoz az al\u00e1bbi szem\u00e9lyes adatok megad\u00e1sa sz\u00fcks\u00e9gesek:<\/p>\n<ul style=\"padding-left: 2rem; margin-bottom: 1rem; color: #252525; font-family: system-ui, -apple-system, 'Segoe UI', Roboto, 'Helvetica Neue', Arial, 'Noto Sans', 'Liberation Sans', sans-serif, 'Apple Color Emoji', 'Segoe UI Emoji', 'Segoe UI Symbol', 'Noto Color Emoji'; font-size: 16px;\">\n<li>Foglal\u00f3\/sz\u00e1ml\u00e1zand\u00f3 szem\u00e9ly\/c\u00e9g neve<\/li>\n<li>Sz\u00e1ml\u00e1zand\u00f3 szem\u00e9ly\/c\u00e9g lak\u00f3hely\u00e9nek\/sz\u00e9khely\u00e9nek c\u00edme<\/li>\n<li>C\u00e9g eset\u00e9n az ad\u00f3sz\u00e1ma<\/li>\n<li>Foglal\u00f3 szem\u00e9ly e-mail c\u00edme<\/li>\n<li>Foglal\u00f3 szem\u00e9ly telefonsz\u00e1ma<\/li>\n<li>\u00c9rkez\u0151 vend\u00e9gek sz\u00e1ma<\/li>\n<li>\u00c9rkez\u00e9s \u00e9s t\u00e1voz\u00e1s napja<\/li>\n<li>\u00c9rkez\u00e9s k\u00f6r\u00fclbel\u00fcli ideje<\/li>\n<\/ul>\n<p style=\"margin-bottom: 1rem; color: #252525; font-family: system-ui, -apple-system, 'Segoe UI', Roboto, 'Helvetica Neue', Arial, 'Noto Sans', 'Liberation Sans', sans-serif, 'Apple Color Emoji', 'Segoe UI Emoji', 'Segoe UI Symbol', 'Noto Color Emoji'; font-size: 16px;\">Az \u00e9rkez\u00e9skor minden vend\u00e9gnek (0 \u00e9ves kort\u00f3l, teh\u00e1t csecsem\u0151knek is !) \u00e1t kell adni a szem\u00e9lyi igazolv\u00e1ny\u00e1t, vagy \u00fatlevel\u00e9t, vagy forgalmi enged\u00e9ly\u00e9t a sz\u00e1ll\u00e1sad\u00f3nak elektronikus okm\u00e1nyolvas\u00e1shoz, ami a turisztikai adatszolg\u00e1ltat\u00e1s \u00e9s a rend\u0151rs\u00e9g z\u00e1rt rendszer\u00e9ben lesz t\u00e1rolva (NTAK k\u00f6telezetts\u00e9g). Ut\u00f3bbi elj\u00e1r\u00e1sr\u00f3l itt olvashat:\u00a0<a style=\"color: #ed145b; transition-duration: 400ms, 400ms; transition-timing-function: ease, ease;\" href=\"https:\/\/vizainfo.hu\/szallashelyek\">https:\/\/vizainfo.hu\/szallashelyek<\/a>.<\/p>\n<ol style=\"padding-left: 2rem; margin-bottom: 1rem; color: #252525; font-family: system-ui, -apple-system, 'Segoe UI', Roboto, 'Helvetica Neue', Arial, 'Noto Sans', 'Liberation Sans', sans-serif, 'Apple Color Emoji', 'Segoe UI Emoji', 'Segoe UI Symbol', 'Noto Color Emoji'; font-size: 16px;\">\n<li>Adatkezel\u00e9s id\u0151tartama<\/li>\n<\/ol>\n<p style=\"margin-bottom: 1rem; color: #252525; font-family: system-ui, -apple-system, 'Segoe UI', Roboto, 'Helvetica Neue', Arial, 'Noto Sans', 'Liberation Sans', sans-serif, 'Apple Color Emoji', 'Segoe UI Emoji', 'Segoe UI Symbol', 'Noto Color Emoji'; font-size: 16px;\">Az adatok kezel\u00e9se a Vend\u00e9g telefonsz\u00e1ma \u00e9s e-mail c\u00edme vonatkoz\u00e1s\u00e1ban a foglal\u00e1s id\u0151pontj\u00e1nak megad\u00e1s\u00e1t\u00f3l kezd\u0151dik \u00e9s a Vend\u00e9gnek a Vend\u00e9gh\u00e1zb\u00f3l t\u00f6rt\u00e9n\u0151 t\u00e1voz\u00e1s\u00e1t k\u00f6vet\u0151en 90 nap m\u00falva t\u00f6rl\u00e9sre ker\u00fcl.<\/p>\n<p style=\"margin-bottom: 1rem; color: #252525; font-family: system-ui, -apple-system, 'Segoe UI', Roboto, 'Helvetica Neue', Arial, 'Noto Sans', 'Liberation Sans', sans-serif, 'Apple Color Emoji', 'Segoe UI Emoji', 'Segoe UI Symbol', 'Noto Color Emoji'; font-size: 16px;\">A Vend\u00e9g nev\u00e9nek \u00e9s sz\u00e1ml\u00e1z\u00e1si c\u00edm\u00e9nek vonatkoz\u00e1s\u00e1ban a sz\u00e1mviteli t\u00f6rv\u00e9nyben foglalt ideig, 8 (nyolc) \u00e9vig t\u00f6rt\u00e9nik az adatok kezel\u00e9se, ezt k\u00f6vet\u0151en adatkezel\u0151 megsemmis\u00edti azokat.<\/p>\n<p style=\"margin-bottom: 1rem; color: #252525; font-family: system-ui, -apple-system, 'Segoe UI', Roboto, 'Helvetica Neue', Arial, 'Noto Sans', 'Liberation Sans', sans-serif, 'Apple Color Emoji', 'Segoe UI Emoji', 'Segoe UI Symbol', 'Noto Color Emoji'; font-size: 16px;\">VII. Adatbiztons\u00e1g<\/p>\n<p style=\"margin-bottom: 1rem; color: #252525; font-family: system-ui, -apple-system, 'Segoe UI', Roboto, 'Helvetica Neue', Arial, 'Noto Sans', 'Liberation Sans', sans-serif, 'Apple Color Emoji', 'Segoe UI Emoji', 'Segoe UI Symbol', 'Noto Color Emoji'; font-size: 16px;\">Adatkezel\u0151 minden sz\u00fcks\u00e9ges l\u00e9p\u00e9st megtesz, hogy biztos\u00edtsa a Vend\u00e9gek \u00e1ltal megadott szem\u00e9lyes adatok biztons\u00e1g\u00e1t mind a h\u00e1l\u00f3zati rendszer, mind az adatok t\u00e1rol\u00e1sa, \u0151rz\u00e9se sor\u00e1n. Az adatkezel\u0151 honlapj\u00e1n nincs regisztr\u00e1lt s\u00fcti. Adatkezel\u0151 munkafolyamatait v\u00edrusirt\u00f3val v\u00e9dett sz\u00e1m\u00edt\u00f3g\u00e9pen v\u00e9gzi.<\/p>\n<p style=\"margin-bottom: 1rem; color: #252525; font-family: system-ui, -apple-system, 'Segoe UI', Roboto, 'Helvetica Neue', Arial, 'Noto Sans', 'Liberation Sans', sans-serif, 'Apple Color Emoji', 'Segoe UI Emoji', 'Segoe UI Symbol', 'Noto Color Emoji'; font-size: 16px;\">VIII. Vend\u00e9g jogai \u00e9s jog\u00e9rv\u00e9nyes\u00edt\u00e9si lehet\u0151s\u00e9gei<\/p>\n<p style=\"margin-bottom: 1rem; color: #252525; font-family: system-ui, -apple-system, 'Segoe UI', Roboto, 'Helvetica Neue', Arial, 'Noto Sans', 'Liberation Sans', sans-serif, 'Apple Color Emoji', 'Segoe UI Emoji', 'Segoe UI Symbol', 'Noto Color Emoji'; font-size: 16px;\">A Vend\u00e9g jogosult arra, hogy az adatkezel\u0151t\u0151l visszajelz\u00e9st kapjon arra n\u00e9zve, hogy szem\u00e9lyes adatainak kezel\u00e9se folyamatban van-e, \u00e9s ha folyamatban van, akkor t\u00e1j\u00e9koztat\u00e1st kapjon a kezelt adatair\u00f3l, \u00e9s az adatkezel\u00e9st \u00e9rint\u0151 minden relev\u00e1ns inform\u00e1ci\u00f3r\u00f3l.<\/p>\n<p style=\"margin-bottom: 1rem; color: #252525; font-family: system-ui, -apple-system, 'Segoe UI', Roboto, 'Helvetica Neue', Arial, 'Noto Sans', 'Liberation Sans', sans-serif, 'Apple Color Emoji', 'Segoe UI Emoji', 'Segoe UI Symbol', 'Noto Color Emoji'; font-size: 16px;\">A Vend\u00e9g k\u00e9rheti, hogy adatkezel\u0151 indokolatlan k\u00e9sedelem n\u00e9lk\u00fcl helyesb\u00edtse a r\u00e1 vonatkoz\u00f3 pontatlan szem\u00e9lyes adatokat. Figyelembe v\u00e9ve az adatkezel\u00e9s c\u00e9lj\u00e1t, k\u00e9rheti szem\u00e9lyes adatainak kieg\u00e9sz\u00edt\u00e9s\u00e9t.<\/p>\n<p style=\"margin-bottom: 1rem; color: #252525; font-family: system-ui, -apple-system, 'Segoe UI', Roboto, 'Helvetica Neue', Arial, 'Noto Sans', 'Liberation Sans', sans-serif, 'Apple Color Emoji', 'Segoe UI Emoji', 'Segoe UI Symbol', 'Noto Color Emoji'; font-size: 16px;\">A Vend\u00e9g k\u00e9rheti szem\u00e9lyes adatainak t\u00f6rl\u00e9s\u00e9t, kiv\u00e9ve, ha az adatkezel\u00e9s sz\u00fcks\u00e9ges az adatkezel\u0151 jogi k\u00f6telezetts\u00e9geinek teljes\u00edt\u00e9s\u00e9hez vagy jogi ig\u00e9nyek el\u0151terjeszt\u00e9s\u00e9hez, \u00e9rv\u00e9nyes\u00edt\u00e9s\u00e9hez, illetve v\u00e9delm\u00e9hez. Adatkezel\u0151 a szem\u00e9lyes adatot indokolatlan k\u00e9sedelem n\u00e9lk\u00fcl t\u00f6rli, ha az adat kezel\u00e9se jogellenes, az hi\u00e1nyos, vagy t\u00e9ves, az adatkezel\u00e9s c\u00e9lja megsz\u0171nt, vagy a t\u00e1rol\u00e1s hat\u00e1rideje lej\u00e1rt, illetve azt b\u00edr\u00f3s\u00e1g vagy hat\u00f3s\u00e1g elrendelte, illetve t\u00f6rl\u00e9se az adatkezel\u0151re vonatkoz\u00f3, jogszab\u00e1lyban foglalt k\u00f6telezetts\u00e9g teljes\u00edt\u00e9s\u00e9hez sz\u00fcks\u00e9ges.<\/p>\n<p style=\"margin-bottom: 1rem; color: #252525; font-family: system-ui, -apple-system, 'Segoe UI', Roboto, 'Helvetica Neue', Arial, 'Noto Sans', 'Liberation Sans', sans-serif, 'Apple Color Emoji', 'Segoe UI Emoji', 'Segoe UI Symbol', 'Noto Color Emoji'; font-size: 16px;\">Ha az adatkezel\u0151 szem\u00e9lyes adatot az \u00e9rintett hozz\u00e1j\u00e1rul\u00e1sa folyt\u00e1n kezel, az \u00e9rintett ezen hozz\u00e1j\u00e1rul\u00e1s\u00e1t visszavonhatja. Amennyiben az adatkezel\u00e9snek nincs m\u00e1s jogalapja, az adatkezel\u0151 a visszavont hozz\u00e1j\u00e1rul\u00e1ssal \u00e9rintett szem\u00e9lyes adatot t\u00f6rli.<\/p>\n<p style=\"margin-bottom: 1rem; color: #252525; font-family: system-ui, -apple-system, 'Segoe UI', Roboto, 'Helvetica Neue', Arial, 'Noto Sans', 'Liberation Sans', sans-serif, 'Apple Color Emoji', 'Segoe UI Emoji', 'Segoe UI Symbol', 'Noto Color Emoji'; font-size: 16px;\">A Vend\u00e9g jogosult arra, hogy k\u00e9r\u00e9s\u00e9re adatkezel\u0151 korl\u00e1tozza az adatkezel\u00e9st, ha:<\/p>\n<ul style=\"padding-left: 2rem; margin-bottom: 1rem; color: #252525; font-family: system-ui, -apple-system, 'Segoe UI', Roboto, 'Helvetica Neue', Arial, 'Noto Sans', 'Liberation Sans', sans-serif, 'Apple Color Emoji', 'Segoe UI Emoji', 'Segoe UI Symbol', 'Noto Color Emoji'; font-size: 16px;\">\n<li>a Vend\u00e9g vitatja a szem\u00e9lyes adatok pontoss\u00e1g\u00e1t \u2013 a pontoss\u00e1g ellen\u0151rz\u00e9s\u00e9hez sz\u00fcks\u00e9ges ideig;<\/li>\n<li>az adatkezel\u00e9s jogellenes, de a Vend\u00e9g ellenzi az adatok t\u00f6rl\u00e9s\u00e9t \u00e9s a felhaszn\u00e1l\u00e1s korl\u00e1toz\u00e1s\u00e1t k\u00e9ri;<\/li>\n<li>adatkezel\u0151nek m\u00e1r nincs sz\u00fcks\u00e9ge a szem\u00e9lyes adatokra adatkezel\u00e9s c\u00e9lj\u00e1b\u00f3l, de az \u00e9rintett ig\u00e9nyli azokat jogi ig\u00e9ny\u00e9nek el\u0151terjeszt\u00e9s\u00e9hez, \u00e9rv\u00e9nyes\u00edt\u00e9s\u00e9hez vagy v\u00e9delm\u00e9hez; vagy<\/li>\n<li>az \u00e9rintett tiltakozik adatainak k\u00f6z\u00e9rdekb\u0151l vagy az adatkezel\u0151, illetve harmadik szem\u00e9ly jogos \u00e9rdek\u00e9n alapul\u00f3 kezel\u00e9se ellen.<\/li>\n<\/ul>\n<p style=\"margin-bottom: 1rem; color: #252525; font-family: system-ui, -apple-system, 'Segoe UI', Roboto, 'Helvetica Neue', Arial, 'Noto Sans', 'Liberation Sans', sans-serif, 'Apple Color Emoji', 'Segoe UI Emoji', 'Segoe UI Symbol', 'Noto Color Emoji'; font-size: 16px;\">A korl\u00e1toz\u00e1s ideje alatt az adatkezel\u0151 a szem\u00e9lyes adatokat a t\u00e1rol\u00e1son k\u00edv\u00fcl m\u00e1s c\u00e9lra nem haszn\u00e1lhatja.<\/p>\n<p style=\"margin-bottom: 1rem; color: #252525; font-family: system-ui, -apple-system, 'Segoe UI', Roboto, 'Helvetica Neue', Arial, 'Noto Sans', 'Liberation Sans', sans-serif, 'Apple Color Emoji', 'Segoe UI Emoji', 'Segoe UI Symbol', 'Noto Color Emoji'; font-size: 16px;\">A Vend\u00e9g jogainak gyakorl\u00e1sa eset\u00e9n adatkezel\u0151 megvizsg\u00e1lja az \u00e9rintett k\u00e9relm\u00e9t, \u00e9s a sz\u00fcks\u00e9ges int\u00e9zked\u00e9seket megteszi, \u00e9s ezekr\u0151l, illetve ezek elmarad\u00e1s\u00e1nak indokair\u00f3l a k\u00e9relem k\u00e9zhezv\u00e9tel\u00e9t k\u00f6vet\u0151 egy h\u00f3napon bel\u00fcl t\u00e1j\u00e9koztatja a Vend\u00e9get.<\/p>\n<p style=\"margin-bottom: 1rem; color: #252525; font-family: system-ui, -apple-system, 'Segoe UI', Roboto, 'Helvetica Neue', Arial, 'Noto Sans', 'Liberation Sans', sans-serif, 'Apple Color Emoji', 'Segoe UI Emoji', 'Segoe UI Symbol', 'Noto Color Emoji'; font-size: 16px;\">Jog\u00e9rv\u00e9nyes\u00edt\u00e9s:<\/p>\n<p style=\"margin-bottom: 1rem; color: #252525; font-family: system-ui, -apple-system, 'Segoe UI', Roboto, 'Helvetica Neue', Arial, 'Noto Sans', 'Liberation Sans', sans-serif, 'Apple Color Emoji', 'Segoe UI Emoji', 'Segoe UI Symbol', 'Noto Color Emoji'; font-size: 16px;\">A Vend\u00e9g az adatkezel\u00e9ssel kapcsolatos k\u00e9relm\u00e9t a II. pontban foglalt adatkezel\u0151 r\u00e9sz\u00e9re, az ugyanitt r\u00f6gz\u00edtett c\u00edmre, vagy e-mail c\u00edmre k\u00fcldheti meg.<\/p>\n<p style=\"margin-bottom: 1rem; color: #252525; font-family: system-ui, -apple-system, 'Segoe UI', Roboto, 'Helvetica Neue', Arial, 'Noto Sans', 'Liberation Sans', sans-serif, 'Apple Color Emoji', 'Segoe UI Emoji', 'Segoe UI Symbol', 'Noto Color Emoji'; font-size: 16px;\">Jogainak megs\u00e9rt\u00e9se eset\u00e9n az \u00e9rintett az adatkezel\u0151 c\u00edme szerint illet\u00e9kes t\u00f6rv\u00e9nysz\u00e9khez, vagy \u2013 v\u00e1laszt\u00e1sa szerint \u2013 a lak\u00f3helye, ennek hi\u00e1ny\u00e1ban pedig tart\u00f3zkod\u00e1si helye szerint illet\u00e9kes t\u00f6rv\u00e9nysz\u00e9khez fordulhat \u00e9s keresetet ny\u00fajthat be.<\/p>\n<p style=\"margin-bottom: 1rem; color: #252525; font-family: system-ui, -apple-system, 'Segoe UI', Roboto, 'Helvetica Neue', Arial, 'Noto Sans', 'Liberation Sans', sans-serif, 'Apple Color Emoji', 'Segoe UI Emoji', 'Segoe UI Symbol', 'Noto Color Emoji'; font-size: 16px;\">A Vend\u00e9g tov\u00e1bb\u00e1 panasszal fordulhat a Nemzeti Adatv\u00e9delmi \u00e9s Inform\u00e1ci\u00f3szabads\u00e1g Hat\u00f3s\u00e1ghoz (1125 Budapest, Szil\u00e1gyi Erzs\u00e9bet Fasor 22\/c., a tov\u00e1bbiakban: NAIH), \u00e9s vizsg\u00e1latot kezdem\u00e9nyezhet arra hivatkozva, hogy szem\u00e9lyes adatai kezel\u00e9s\u00e9vel kapcsolatosan jogs\u00e9relem k\u00f6vetkezett be vagy annak k\u00f6zvetlen vesz\u00e9lye \u00e1ll fenn.<\/p>\n<p style=\"margin-bottom: 1rem; color: #252525; font-family: system-ui, -apple-system, 'Segoe UI', Roboto, 'Helvetica Neue', Arial, 'Noto Sans', 'Liberation Sans', sans-serif, 'Apple Color Emoji', 'Segoe UI Emoji', 'Segoe UI Symbol', 'Noto Color Emoji'; font-size: 16px;\">Az Eur\u00f3pai Uni\u00f3 Hivatalos Lapja<\/p>\n<p style=\"margin-bottom: 1rem; color: #252525; font-family: system-ui, -apple-system, 'Segoe UI', Roboto, 'Helvetica Neue', Arial, 'Noto Sans', 'Liberation Sans', sans-serif, 'Apple Color Emoji', 'Segoe UI Emoji', 'Segoe UI Symbol', 'Noto Color Emoji'; font-size: 16px;\">Az Eur\u00f3pai Uni\u00f3 Hivatalos Lapj\u00e1nak GDPR sz\u00f6vege itt olvashat\u00f3 : a\u00a0<a style=\"color: #ed145b; transition-duration: 400ms, 400ms; transition-timing-function: ease, ease;\" href=\"https:\/\/www.gdpr.info.hu\/gdpr-rendelet-szovege\">www.gdpr.info.hu<\/a>\u00a0oldal\u00e1n (2020.11.18).<\/p>\n<p style=\"margin-bottom: 1rem; color: #252525; font-family: system-ui, -apple-system, 'Segoe UI', Roboto, 'Helvetica Neue', Arial, 'Noto Sans', 'Liberation Sans', sans-serif, 'Apple Color Emoji', 'Segoe UI Emoji', 'Segoe UI Symbol', 'Noto Color Emoji'; font-size: 16px;\">\u00a0<\/p>\n<p style=\"margin-bottom: 1rem; color: #252525; font-family: system-ui, -apple-system, 'Segoe UI', Roboto, 'Helvetica Neue', Arial, 'Noto Sans', 'Liberation Sans', sans-serif, 'Apple Color Emoji', 'Segoe UI Emoji', 'Segoe UI Symbol', 'Noto Color Emoji'; font-size: 16px;\">General Data Protection Regulation (GDPR)<\/p>\n<p style=\"margin-bottom: 1rem; color: #252525; font-family: system-ui, -apple-system, 'Segoe UI', Roboto, 'Helvetica Neue', Arial, 'Noto Sans', 'Liberation Sans', sans-serif, 'Apple Color Emoji', 'Segoe UI Emoji', 'Segoe UI Symbol', 'Noto Color Emoji'; font-size: 16px;\">\u00a0<\/p>\n<p style=\"margin-bottom: 1rem; color: #252525; font-family: system-ui, -apple-system, 'Segoe UI', Roboto, 'Helvetica Neue', Arial, 'Noto Sans', 'Liberation Sans', sans-serif, 'Apple Color Emoji', 'Segoe UI Emoji', 'Segoe UI Symbol', 'Noto Color Emoji'; font-size: 16px;\">Dear Guests!<\/p>\n<p style=\"margin-bottom: 1rem; color: #252525; font-family: system-ui, -apple-system, 'Segoe UI', Roboto, 'Helvetica Neue', Arial, 'Noto Sans', 'Liberation Sans', sans-serif, 'Apple Color Emoji', 'Segoe UI Emoji', 'Segoe UI Symbol', 'Noto Color Emoji'; font-size: 16px;\">On the webpage of\u00a0<a style=\"color: #ed145b; transition-duration: 400ms, 400ms; transition-timing-function: ease, ease;\" href=\"http:\/\/www.bokorhaz.hu\/\">www.bokorhaz.hu<\/a>, there is a contact form through which you can book accommodation at the Bokor Guesthouse and Levendula Guesthouse. I would like to inform you that the following personal data is required for the booking, which is necessary for the communication between the accommodation provider and the guest, for the data management by the guesthouse in order to be able to provide adequate information on the relevant circumstances arising from the contractual relationship, and for the issuance of the invoice (Tax office obligation): name of the person\/company to be invoiced, tax number if it is a company, residence\/registered office address, e-mail address, phone number. In addition, upon arrival, all guests (from the age of 0!) must present their ID card, passport or driving license to the accomodation provider for electronic document reading, which will store the document data in a closed system of the National Tourist Data Center and in the police (NTAK obligation). You can read about the latter procedure here:\u00a0<a style=\"color: #ed145b; transition-duration: 400ms, 400ms; transition-timing-function: ease, ease;\" href=\"http:\/\/www.feketekutya.com\/National%20Tourist%20Data%20Center%20information%20in%20English\">https:\/\/vizainfo.hu\/media\/uploads\/adatlapok\/a4_information_for_guests_en.pdf<\/a>. By booking online through the Website, you, as a user, agree to the provisions of this Privacy Notice.<\/p>\n<p style=\"margin-bottom: 1rem; color: #252525; font-family: system-ui, -apple-system, 'Segoe UI', Roboto, 'Helvetica Neue', Arial, 'Noto Sans', 'Liberation Sans', sans-serif, 'Apple Color Emoji', 'Segoe UI Emoji', 'Segoe UI Symbol', 'Noto Color Emoji'; font-size: 16px;\">In connection with the processing of data, the data controller hereby informs you about the personal data processed on the website, its principles and practices in the field of personal data processing, organizational and technical measures taken to protect personal data, and the ways and possibilities of exercising data subjects&#8217; rights. I inform you that the recorded personal data will be treated confidentially, in accordance with data protection legislation and international recommendations, in accordance with this statement.<\/p>\n<p style=\"margin-bottom: 1rem; color: #252525; font-family: system-ui, -apple-system, 'Segoe UI', Roboto, 'Helvetica Neue', Arial, 'Noto Sans', 'Liberation Sans', sans-serif, 'Apple Color Emoji', 'Segoe UI Emoji', 'Segoe UI Symbol', 'Noto Color Emoji'; font-size: 16px;\">I would also like to inform you that the legal regulation of the processing of personal data has fundamentally changed from 25 May 2018, as from that date it is mandatory for the European Parliament and the Council (EU) on the protection of individuals with regard to the processing of personal data and on the free movement of such data, and Regulation (EEC) No 2016\/679 repealing Regulation (EC) No 95\/46 (General Data Protection Regulation). (hereinafter referred to as the GDPR).<\/p>\n<p style=\"margin-bottom: 1rem; color: #252525; font-family: system-ui, -apple-system, 'Segoe UI', Roboto, 'Helvetica Neue', Arial, 'Noto Sans', 'Liberation Sans', sans-serif, 'Apple Color Emoji', 'Segoe UI Emoji', 'Segoe UI Symbol', 'Noto Color Emoji'; font-size: 16px;\">By booking online through the Website, you, as a user, agree to the provisions of this Privacy Notice (the &#8222;Privacy Notice&#8221;).<\/p>\n<ol style=\"padding-left: 2rem; margin-bottom: 1rem; color: #252525; font-family: system-ui, -apple-system, 'Segoe UI', Roboto, 'Helvetica Neue', Arial, 'Noto Sans', 'Liberation Sans', sans-serif, 'Apple Color Emoji', 'Segoe UI Emoji', 'Segoe UI Symbol', 'Noto Color Emoji'; font-size: 16px;\">\n<li>Name and contact details of the data controller<\/li>\n<\/ol>\n<ul style=\"padding-left: 2rem; margin-bottom: 1rem; color: #252525; font-family: system-ui, -apple-system, 'Segoe UI', Roboto, 'Helvetica Neue', Arial, 'Noto Sans', 'Liberation Sans', sans-serif, 'Apple Color Emoji', 'Segoe UI Emoji', 'Segoe UI Symbol', 'Noto Color Emoji'; font-size: 16px;\">\n<li>Data controller name: Kissn\u00e9 R\u00f3zsav\u00f6lgyi T\u00edmea Cec\u00edlia, individual with tax number (determined by the Hungarian law of Taxation)<\/li>\n<li>Data controller availability &#8211; Address: 6600, Csongr\u00e1di \u00fat 15. Szentes, Hungary<\/li>\n<li>Data controller availability &#8211; Phone No.: +36703843415<\/li>\n<li>Data controller availability &#8211; E-mail: to avoid spam, please ask it at the phone number above if necessary!<\/li>\n<li>\u00a0<\/li>\n<\/ul>\n<ol style=\"padding-left: 2rem; margin-bottom: 1rem; color: #252525; font-family: system-ui, -apple-system, 'Segoe UI', Roboto, 'Helvetica Neue', Arial, 'Noto Sans', 'Liberation Sans', sans-serif, 'Apple Color Emoji', 'Segoe UI Emoji', 'Segoe UI Symbol', 'Noto Color Emoji'; font-size: 16px;\">\n<li>Purpose of data management<\/li>\n<\/ol>\n<ul style=\"padding-left: 2rem; margin-bottom: 1rem; color: #252525; font-family: system-ui, -apple-system, 'Segoe UI', Roboto, 'Helvetica Neue', Arial, 'Noto Sans', 'Liberation Sans', sans-serif, 'Apple Color Emoji', 'Segoe UI Emoji', 'Segoe UI Symbol', 'Noto Color Emoji'; font-size: 16px;\">\n<li>For the purpose of the necessary contact, it is necessary to provide your details to the management of the guest house in order to be able to properly inform about the relevant circumstances arising from the contractual relationship.<\/li>\n<li>Furthermore, personal data is needed to issue an invoice for the accommodation service.<\/li>\n<li>T\u00edmea Cec\u00edlia Kissn\u00e9 R\u00f3zsav\u00f6lgyi a private individual with a tax number, owner of the Bokor guesthouse, has legal obligations, which requires personal data. (towards National Tax and Customs Office, Municipality of Szentes, National Tourist Data Center).<\/li>\n<\/ul>\n<p style=\"margin-bottom: 1rem; color: #252525; font-family: system-ui, -apple-system, 'Segoe UI', Roboto, 'Helvetica Neue', Arial, 'Noto Sans', 'Liberation Sans', sans-serif, 'Apple Color Emoji', 'Segoe UI Emoji', 'Segoe UI Symbol', 'Noto Color Emoji'; font-size: 16px;\">III. Legal basis for data management<\/p>\n<ul style=\"padding-left: 2rem; margin-bottom: 1rem; color: #252525; font-family: system-ui, -apple-system, 'Segoe UI', Roboto, 'Helvetica Neue', Arial, 'Noto Sans', 'Liberation Sans', sans-serif, 'Apple Color Emoji', 'Segoe UI Emoji', 'Segoe UI Symbol', 'Noto Color Emoji'; font-size: 16px;\">\n<li>For the purpose set out in the first subparagraph of point II., the data will be processed in accordance with Article 6 Subparagraph (1), Point (a) of the GDPR in order to be properly informed of the relevant circumstances arising from the contractual relationship.<\/li>\n<li>For the purpose set out in the second subparagraph of point II., the data will be processed in accordance with Article 6 Subparagraph (1), Point (b) of the GDPR, for performance of a contract in which the Guest, as one of the parties, is involved.<\/li>\n<li>For the purpose set out in the third subparagraph of point II., the data will be processed in accordance with Article 6 Subparagraph (1), Point (c) of the GDPR, for fulfillment of the legal obligation of the data controller, namely the obligation to prepare a document or an invoice belonging to the data controller.<\/li>\n<\/ul>\n<p style=\"margin-bottom: 1rem; color: #252525; font-family: system-ui, -apple-system, 'Segoe UI', Roboto, 'Helvetica Neue', Arial, 'Noto Sans', 'Liberation Sans', sans-serif, 'Apple Color Emoji', 'Segoe UI Emoji', 'Segoe UI Symbol', 'Noto Color Emoji'; font-size: 16px;\">If the need for data processing for other purposes or on other legal bases arises, the data controller is obliged to inform the data subject (data owner) individually of all important information related to the data processing to be performed and their related rights before starting the data processing.<\/p>\n<ol style=\"padding-left: 2rem; margin-bottom: 1rem; color: #252525; font-family: system-ui, -apple-system, 'Segoe UI', Roboto, 'Helvetica Neue', Arial, 'Noto Sans', 'Liberation Sans', sans-serif, 'Apple Color Emoji', 'Segoe UI Emoji', 'Segoe UI Symbol', 'Noto Color Emoji'; font-size: 16px;\">\n<li>Scope of data managed<\/li>\n<\/ol>\n<p style=\"margin-bottom: 1rem; color: #252525; font-family: system-ui, -apple-system, 'Segoe UI', Roboto, 'Helvetica Neue', Arial, 'Noto Sans', 'Liberation Sans', sans-serif, 'Apple Color Emoji', 'Segoe UI Emoji', 'Segoe UI Symbol', 'Noto Color Emoji'; font-size: 16px;\">The following personal information is required to make a reservation:<\/p>\n<ul style=\"padding-left: 2rem; margin-bottom: 1rem; color: #252525; font-family: system-ui, -apple-system, 'Segoe UI', Roboto, 'Helvetica Neue', Arial, 'Noto Sans', 'Liberation Sans', sans-serif, 'Apple Color Emoji', 'Segoe UI Emoji', 'Segoe UI Symbol', 'Noto Color Emoji'; font-size: 16px;\">\n<li>Name of the person\/company making the reservation and who needs to be billed<\/li>\n<li>Address of the person\/company to be billed<\/li>\n<li>International VAT number if company<\/li>\n<li>E-mail address of the person making the reservation<\/li>\n<li>Phone number of the person making the reservation<\/li>\n<li>Number of the arrival people<\/li>\n<li>Arrival and departure date<\/li>\n<li>Approximate time of arrival<\/li>\n<\/ul>\n<p style=\"margin-bottom: 1rem; color: #252525; font-family: system-ui, -apple-system, 'Segoe UI', Roboto, 'Helvetica Neue', Arial, 'Noto Sans', 'Liberation Sans', sans-serif, 'Apple Color Emoji', 'Segoe UI Emoji', 'Segoe UI Symbol', 'Noto Color Emoji'; font-size: 16px;\">Upon arrival, all guests (from the age of 0, it means that also babies !) must present their ID card, passport or driving license to the accomodation provider for electronic document reading, which will store the document data in a closed system of the National Tourist Data Center and in the police (NTAK obligation). You can read about the latter procedure here:\u00a0<a style=\"color: #ed145b; transition-duration: 400ms, 400ms; transition-timing-function: ease, ease;\" href=\"http:\/\/www.feketekutya.com\/National%20Tourist%20Data%20Center%20information%20in%20English\">https:\/\/vizainfo.hu\/media\/uploads\/adatlapok\/a4_information_for_guests_en.pdf<\/a>.<\/p>\n<ol style=\"padding-left: 2rem; margin-bottom: 1rem; color: #252525; font-family: system-ui, -apple-system, 'Segoe UI', Roboto, 'Helvetica Neue', Arial, 'Noto Sans', 'Liberation Sans', sans-serif, 'Apple Color Emoji', 'Segoe UI Emoji', 'Segoe UI Symbol', 'Noto Color Emoji'; font-size: 16px;\">\n<li>Duration of data management<\/li>\n<\/ol>\n<p style=\"margin-bottom: 1rem; color: #252525; font-family: system-ui, -apple-system, 'Segoe UI', Roboto, 'Helvetica Neue', Arial, 'Noto Sans', 'Liberation Sans', sans-serif, 'Apple Color Emoji', 'Segoe UI Emoji', 'Segoe UI Symbol', 'Noto Color Emoji'; font-size: 16px;\">The processing of the data regarding the Guest&#8217;s telephone number and e-mail address starts from the date of the reservation and will be deleted 90 days after the Guest&#8217;s departure from the Guest House.<\/p>\n<p style=\"margin-bottom: 1rem; color: #252525; font-family: system-ui, -apple-system, 'Segoe UI', Roboto, 'Helvetica Neue', Arial, 'Noto Sans', 'Liberation Sans', sans-serif, 'Apple Color Emoji', 'Segoe UI Emoji', 'Segoe UI Symbol', 'Noto Color Emoji'; font-size: 16px;\">With regard to the name and billing address of the Guest, the data will be processed for the period stipulated in the Hungarian law of Accounting, for 8 (eight) years, after which the data controller will destroy them.<\/p>\n<ol style=\"padding-left: 2rem; margin-bottom: 1rem; color: #252525; font-family: system-ui, -apple-system, 'Segoe UI', Roboto, 'Helvetica Neue', Arial, 'Noto Sans', 'Liberation Sans', sans-serif, 'Apple Color Emoji', 'Segoe UI Emoji', 'Segoe UI Symbol', 'Noto Color Emoji'; font-size: 16px;\">\n<li>Data security<\/li>\n<\/ol>\n<p style=\"margin-bottom: 1rem; color: #252525; font-family: system-ui, -apple-system, 'Segoe UI', Roboto, 'Helvetica Neue', Arial, 'Noto Sans', 'Liberation Sans', sans-serif, 'Apple Color Emoji', 'Segoe UI Emoji', 'Segoe UI Symbol', 'Noto Color Emoji'; font-size: 16px;\">The Data Controller shall take all necessary steps to ensure the security of the personal data provided by the Guests during the storage and preservation of both the network system and the data. There are no registered cookies on the data controller&#8217;s website. The data manager works on a computer protected by an anti-virus software.<\/p>\n<p style=\"margin-bottom: 1rem; color: #252525; font-family: system-ui, -apple-system, 'Segoe UI', Roboto, 'Helvetica Neue', Arial, 'Noto Sans', 'Liberation Sans', sans-serif, 'Apple Color Emoji', 'Segoe UI Emoji', 'Segoe UI Symbol', 'Noto Color Emoji'; font-size: 16px;\">VII. Guest rights and enforcement options<\/p>\n<p style=\"margin-bottom: 1rem; color: #252525; font-family: system-ui, -apple-system, 'Segoe UI', Roboto, 'Helvetica Neue', Arial, 'Noto Sans', 'Liberation Sans', sans-serif, 'Apple Color Emoji', 'Segoe UI Emoji', 'Segoe UI Symbol', 'Noto Color Emoji'; font-size: 16px;\">The Guest is entitled to receive feedback from the data controller as to whether the processing of his \/ her personal data is in progress, and if so, to receive information about the data processed and all relevant information concerning the data management.<\/p>\n<p style=\"margin-bottom: 1rem; color: #252525; font-family: system-ui, -apple-system, 'Segoe UI', Roboto, 'Helvetica Neue', Arial, 'Noto Sans', 'Liberation Sans', sans-serif, 'Apple Color Emoji', 'Segoe UI Emoji', 'Segoe UI Symbol', 'Noto Color Emoji'; font-size: 16px;\">The Guest may request that the data controller correct inaccurate personal data concerning him \/ her without undue delay. Taking into account the purpose of the data processing, He \/ she may request that the personal data be supplemented.<\/p>\n<p style=\"margin-bottom: 1rem; color: #252525; font-family: system-ui, -apple-system, 'Segoe UI', Roboto, 'Helvetica Neue', Arial, 'Noto Sans', 'Liberation Sans', sans-serif, 'Apple Color Emoji', 'Segoe UI Emoji', 'Segoe UI Symbol', 'Noto Color Emoji'; font-size: 16px;\">You may request the deletion of your personal data, unless the processing is necessary for the fulfillment of the data controller&#8217;s legal obligations or for the submission, enforcement or protection of legal claims. The data controller shall delete the personal data without undue delay if the processing of the data is illegal, incomplete or incorrect, the purpose of the data processing has ceased or the storage period has expired or was ordered by a court or authority, or if the data deletion is necessary for the fulfillment of the legal obligation of the data controller.<\/p>\n<p style=\"margin-bottom: 1rem; color: #252525; font-family: system-ui, -apple-system, 'Segoe UI', Roboto, 'Helvetica Neue', Arial, 'Noto Sans', 'Liberation Sans', sans-serif, 'Apple Color Emoji', 'Segoe UI Emoji', 'Segoe UI Symbol', 'Noto Color Emoji'; font-size: 16px;\">If the controller processes personal data with the consent of the data subject, the data subject may withdraw that consent. Unless there is another legal basis for the data processing, the data controller shall delete the personal data affected by the revoked consent.<\/p>\n<p style=\"margin-bottom: 1rem; color: #252525; font-family: system-ui, -apple-system, 'Segoe UI', Roboto, 'Helvetica Neue', Arial, 'Noto Sans', 'Liberation Sans', sans-serif, 'Apple Color Emoji', 'Segoe UI Emoji', 'Segoe UI Symbol', 'Noto Color Emoji'; font-size: 16px;\">The Guest is entitled to have the data controller restrict the data processing at his \/ her request if:<\/p>\n<ul style=\"padding-left: 2rem; margin-bottom: 1rem; color: #252525; font-family: system-ui, -apple-system, 'Segoe UI', Roboto, 'Helvetica Neue', Arial, 'Noto Sans', 'Liberation Sans', sans-serif, 'Apple Color Emoji', 'Segoe UI Emoji', 'Segoe UI Symbol', 'Noto Color Emoji'; font-size: 16px;\">\n<li>the Guest disputes the accuracy of the personal data &#8211; for the time necessary to verify the accuracy;<\/li>\n<li>the data processing is illegal, but the Guest objects to the deletion of the data and requests a restriction on use;<\/li>\n<li>the data controller no longer needs the personal data for the purpose of data processing, but the data subject requests them in order to submit, enforce or protect his \/ her legal claim; or<\/li>\n<li>the data subject objects to the processing of his or her data in the public interest or on the basis of a legitimate interest of the controller or a third party.<\/li>\n<\/ul>\n<p style=\"margin-bottom: 1rem; color: #252525; font-family: system-ui, -apple-system, 'Segoe UI', Roboto, 'Helvetica Neue', Arial, 'Noto Sans', 'Liberation Sans', sans-serif, 'Apple Color Emoji', 'Segoe UI Emoji', 'Segoe UI Symbol', 'Noto Color Emoji'; font-size: 16px;\">During the restriction period, the data controller may not use the personal data for purposes other than storage.<\/p>\n<p style=\"margin-bottom: 1rem; color: #252525; font-family: system-ui, -apple-system, 'Segoe UI', Roboto, 'Helvetica Neue', Arial, 'Noto Sans', 'Liberation Sans', sans-serif, 'Apple Color Emoji', 'Segoe UI Emoji', 'Segoe UI Symbol', 'Noto Color Emoji'; font-size: 16px;\">In case of exercising the rights of the Guest, the data controller shall examine the data subject&#8217;s request and take the necessary measures and inform the Guest about these and the reasons for their non-compliance within one month after receiving the request.<\/p>\n<p style=\"margin-bottom: 1rem; color: #252525; font-family: system-ui, -apple-system, 'Segoe UI', Roboto, 'Helvetica Neue', Arial, 'Noto Sans', 'Liberation Sans', sans-serif, 'Apple Color Emoji', 'Segoe UI Emoji', 'Segoe UI Symbol', 'Noto Color Emoji'; font-size: 16px;\">Enforcement:<\/p>\n<p style=\"margin-bottom: 1rem; color: #252525; font-family: system-ui, -apple-system, 'Segoe UI', Roboto, 'Helvetica Neue', Arial, 'Noto Sans', 'Liberation Sans', sans-serif, 'Apple Color Emoji', 'Segoe UI Emoji', 'Segoe UI Symbol', 'Noto Color Emoji'; font-size: 16px;\">The Guest&#8217;s request related to data managementcan be sent to the address or e-mail address of the data controller provided in Section I.<\/p>\n<p style=\"margin-bottom: 1rem; color: #252525; font-family: system-ui, -apple-system, 'Segoe UI', Roboto, 'Helvetica Neue', Arial, 'Noto Sans', 'Liberation Sans', sans-serif, 'Apple Color Emoji', 'Segoe UI Emoji', 'Segoe UI Symbol', 'Noto Color Emoji'; font-size: 16px;\">In the event of a breach of his rights, the data subject may apply to the court having jurisdiction according to the address of the controller or, at his or her choice, to the court having jurisdiction over his or her place of the permanent residence or, failing that, his or her place of temporary residence, and bring an action.<\/p>\n<p style=\"margin-bottom: 1rem; color: #252525; font-family: system-ui, -apple-system, 'Segoe UI', Roboto, 'Helvetica Neue', Arial, 'Noto Sans', 'Liberation Sans', sans-serif, 'Apple Color Emoji', 'Segoe UI Emoji', 'Segoe UI Symbol', 'Noto Color Emoji'; font-size: 16px;\">The Guest may also lodge a complaint with the National Data Protection and Freedom of Information Authority (1125 Budapest, Szil\u00e1gyi Erzs\u00e9bet Fasor 22 \/ c., Hereinafter: NAIH) and initiate an investigation on the grounds that there has been or is a imminent threat of a breach of the processing of his or her personal data.<\/p>\n<p style=\"margin-bottom: 1rem; color: #252525; font-family: system-ui, -apple-system, 'Segoe UI', Roboto, 'Helvetica Neue', Arial, 'Noto Sans', 'Liberation Sans', sans-serif, 'Apple Color Emoji', 'Segoe UI Emoji', 'Segoe UI Symbol', 'Noto Color Emoji'; font-size: 16px;\">Official Journal of the European Union<\/p>\n<p style=\"margin-bottom: 1rem; color: #252525; font-family: system-ui, -apple-system, 'Segoe UI', Roboto, 'Helvetica Neue', Arial, 'Noto Sans', 'Liberation Sans', sans-serif, 'Apple Color Emoji', 'Segoe UI Emoji', 'Segoe UI Symbol', 'Noto Color Emoji'; font-size: 16px;\">The text of the GDPR in the website of the gdpr.eu, co-funder by the Horizon 2020 Framework Programme of the European Union and operated by Proton Technologies AG., can be found here:\u00a0<a style=\"color: #ed145b; transition-duration: 400ms, 400ms; transition-timing-function: ease, ease;\" href=\"https:\/\/gdpr.eu\/tag\/gdpr\/\">https:\/\/gdpr.eu\/tag\/gdpr\/<\/a>\u00a0(2021.01.07).<\/p>\n\n<p id=\"matomo_opted_out_intro\" style=\"display:none;\">Opt-out complete; your visits to this website will not be recorded by the Web Analytics tool. Note that if you clear your cookies, delete the opt-out cookie, or if you change computers or Web browsers, you will need to perform the opt-out procedure again.<\/p><p id=\"matomo_opted_in_intro\" >You may choose to prevent this website from aggregating and analyzing the actions you take here. Doing so will protect your privacy, but will also prevent the owner from learning from your actions and creating a better experience for you and other users.<\/p><form action=\"\">\n        <input type=\"checkbox\" id=\"matomo_optout_checkbox\" checked=\"checked\"\/>\n        <label for=\"matomo_optout_checkbox\"><strong>\n        <span id=\"matomo_opted_in_label\" >You are not opted out. Uncheck this box to opt-out.<\/span>\n\t\t<span id=\"matomo_opted_out_label\" style=\"display:none;\">You are currently opted out. Check this box to opt-in.<\/span>\n        <\/strong><\/label><input type=\"hidden\" name=\"trp-form-language\" value=\"de\"\/><\/form><noscript><p><strong style=\"color: #ff0000;\">This opt out feature requires JavaScript.<\/strong><\/p><\/noscript><p id=\"matomo_outout_err_cookies\" style=\"display: none;\"><strong>The tracking opt-out feature requires cookies to be enabled.<\/strong><\/p>\n\n\n\n<pre class=\"wp-block-code\"><code><\/code><\/pre>","protected":false},"excerpt":{"rendered":"<p>\u00c1ltal\u00e1nos adatv\u00e9delmi rendelet (GDPR) Kedves Vend\u00e9geink! A\u00a0www.bokorhaz.hu\u00a0oldalon egy \u0171rlap tal\u00e1lhat\u00f3, amin kereszt\u00fcl a Bokor vend\u00e9gh\u00e1zba \u00e9s a Levendula vend\u00e9gh\u00e1zba ny\u00edlik lehet\u0151s\u00e9g\u00fck sz\u00e1ll\u00e1st foglalni. T\u00e1j\u00e9koztatom \u00d6n\u00f6ket, hogy a foglal\u00e1shoz a k\u00f6vetkez\u0151 szem\u00e9lyes adataiknak a megad\u00e1sa sz\u00fcks\u00e9ges, melyek sz\u00fcks\u00e9gesek a sz\u00e1ll\u00e1sad\u00f3 \u00e9s a vend\u00e9g k\u00f6z\u00f6tti sz\u00fcks\u00e9ges kapcsolattart\u00e1shoz \u00e9s az adatok kezel\u00e9s\u00e9hez a vend\u00e9gh\u00e1z vezet\u0151s\u00e9ge \u00e1ltal annak \u00e9rdek\u00e9ben, &#8230; <a title=\"Privacy policy\" class=\"read-more\" href=\"https:\/\/bokorhaz.hu\/de\/gdpr\/\" aria-label=\"Mehr Informationen \u00fcber Privacy policy\">Weiterlesen<\/a><\/p>","protected":false},"author":1,"featured_media":0,"parent":0,"menu_order":0,"comment_status":"closed","ping_status":"closed","template":"","meta":{"_seopress_robots_primary_cat":"","_seopress_titles_title":"","_seopress_titles_desc":"","_seopress_robots_index":"","footnotes":""},"class_list":["post-119","page","type-page","status-publish"],"_links":{"self":[{"href":"https:\/\/bokorhaz.hu\/de\/wp-json\/wp\/v2\/pages\/119","targetHints":{"allow":["GET"]}}],"collection":[{"href":"https:\/\/bokorhaz.hu\/de\/wp-json\/wp\/v2\/pages"}],"about":[{"href":"https:\/\/bokorhaz.hu\/de\/wp-json\/wp\/v2\/types\/page"}],"author":[{"embeddable":true,"href":"https:\/\/bokorhaz.hu\/de\/wp-json\/wp\/v2\/users\/1"}],"replies":[{"embeddable":true,"href":"https:\/\/bokorhaz.hu\/de\/wp-json\/wp\/v2\/comments?post=119"}],"version-history":[{"count":7,"href":"https:\/\/bokorhaz.hu\/de\/wp-json\/wp\/v2\/pages\/119\/revisions"}],"predecessor-version":[{"id":1624,"href":"https:\/\/bokorhaz.hu\/de\/wp-json\/wp\/v2\/pages\/119\/revisions\/1624"}],"wp:attachment":[{"href":"https:\/\/bokorhaz.hu\/de\/wp-json\/wp\/v2\/media?parent=119"}],"curies":[{"name":"wp","href":"https:\/\/api.w.org\/{rel}","templated":true}]}}